{"id":959,"date":"2026-06-29T21:00:39","date_gmt":"2026-06-29T19:00:39","guid":{"rendered":"https:\/\/belgrade.wordcamp.org\/2026\/?page_id=959"},"modified":"2026-07-21T16:02:13","modified_gmt":"2026-07-21T14:02:13","slug":"novosti","status":"publish","type":"page","link":"https:\/\/belgrade.wordcamp.org\/2026\/sr\/novosti\/","title":{"rendered":"Novosti"},"content":{"rendered":"\n<div class=\"wp-block-group has-global-padding is-layout-constrained wp-container-core-group-is-layout-9875de16 wp-block-group-is-layout-constrained\" style=\"padding-right:var(--wp--preset--spacing--20);padding-left:var(--wp--preset--spacing--20)\">\n<h1 class=\"wp-block-heading\">Najnovija saop\u0161tenja<\/h1>\n\n\n\n<div class=\"wp-block-query is-layout-flow wp-block-query-is-layout-flow\"><ul class=\"wp-block-post-template is-layout-flow wp-block-post-template-is-layout-flow\"><li class=\"wp-block-post post-2547 post type-post status-publish format-standard has-post-thumbnail hentry category-novosti category-srpski tag-karte tag-ulaznice tag-wordcamp\">\n<figure class=\"wp-block-post-featured-image\"><a href=\"https:\/\/belgrade.wordcamp.org\/2026\/otvoren-je-novi-kontingent-ulaznica-za-wordcamp-beograd-2026\/\" target=\"_self\" ><img loading=\"lazy\" decoding=\"async\" width=\"2000\" height=\"647\" src=\"https:\/\/belgrade.wordcamp.org\/2026\/files\/2026\/09\/20.jpg\" class=\"attachment-post-thumbnail size-post-thumbnail wp-post-image\" alt=\"Otvoren je novi kontingent ulaznica za WordCamp Beograd 2026\" style=\"object-fit:cover;\" srcset=\"https:\/\/belgrade.wordcamp.org\/2026\/files\/2026\/09\/20.jpg 2000w, https:\/\/belgrade.wordcamp.org\/2026\/files\/2026\/09\/20-300x97.jpg 300w, https:\/\/belgrade.wordcamp.org\/2026\/files\/2026\/09\/20-1024x331.jpg 1024w, https:\/\/belgrade.wordcamp.org\/2026\/files\/2026\/09\/20-768x248.jpg 768w, https:\/\/belgrade.wordcamp.org\/2026\/files\/2026\/09\/20-500x162.jpg 500w, https:\/\/belgrade.wordcamp.org\/2026\/files\/2026\/09\/20-1536x497.jpg 1536w\" sizes=\"auto, (max-width: 2000px) 100vw, 2000px\" \/><\/a><\/figure>\n\n<h2 class=\"wp-block-post-title\"><a href=\"https:\/\/belgrade.wordcamp.org\/2026\/otvoren-je-novi-kontingent-ulaznica-za-wordcamp-beograd-2026\/\" target=\"_self\" >Otvoren je novi kontingent ulaznica za WordCamp Beograd 2026<\/a><\/h2>\n\n<div class=\"wp-block-post-excerpt\"><p class=\"wp-block-post-excerpt__excerpt\">Zbog velikog interesovanja za WordCamp Beograd 2026, organizacioni odbor obave\u0161tava javnost da je otvoren novi kontingent ulaznica za ovogodi\u0161nje izdanje doga\u0111aja. U prodaji je jo\u0161 60 ulaznica: 40 ulaznica sa majicom i 20 ulaznica bez majice. WordCamp Beograd odr\u017eava se 18. i 19. septembra 2026. godine u Domu omladine, gde \u0107e se tokom dva dana okupiti WordPress i web zajednica. Na programu su predavanja, radionice, paneli, razgovori, kafa, ru\u010dak i susreti u\u017eivo &#8211; onako kako i dolikuje doga\u0111aju koji prave ljudi iz zajednice, za zajednicu. Ako planirate da budete deo ovogodi\u0161njeg okupljanja, sada je pravi trenutak da obezbedite svoju kartu.&hellip;<\/p><p class=\"wp-block-post-excerpt__more-text\"><a class=\"wp-block-post-excerpt__more-link\" href=\"https:\/\/belgrade.wordcamp.org\/2026\/otvoren-je-novi-kontingent-ulaznica-za-wordcamp-beograd-2026\/\">Op\u0161irnije<\/a><\/p><\/div>\n<\/li><li class=\"wp-block-post post-2543 post type-post status-publish format-standard has-post-thumbnail hentry category-news category-srpski tag-wordcamp\">\n<figure class=\"wp-block-post-featured-image\"><a href=\"https:\/\/belgrade.wordcamp.org\/2026\/zasto-treba-doci-na-wordcamp-beograd-2026\/\" target=\"_self\" ><img loading=\"lazy\" decoding=\"async\" width=\"2000\" height=\"647\" src=\"https:\/\/belgrade.wordcamp.org\/2026\/files\/2026\/09\/zasto-treba-doci-na-wordcamp-beograd-2026.png\" class=\"attachment-post-thumbnail size-post-thumbnail wp-post-image\" alt=\"Za\u0161to treba do\u0107i na WordCamp Beograd 2026: O povratku konferencije razgovarali smo u emisiji Polarotor\" style=\"object-fit:cover;\" srcset=\"https:\/\/belgrade.wordcamp.org\/2026\/files\/2026\/09\/zasto-treba-doci-na-wordcamp-beograd-2026.png 2000w, https:\/\/belgrade.wordcamp.org\/2026\/files\/2026\/09\/zasto-treba-doci-na-wordcamp-beograd-2026-300x97.png 300w, https:\/\/belgrade.wordcamp.org\/2026\/files\/2026\/09\/zasto-treba-doci-na-wordcamp-beograd-2026-1024x331.png 1024w, https:\/\/belgrade.wordcamp.org\/2026\/files\/2026\/09\/zasto-treba-doci-na-wordcamp-beograd-2026-768x248.png 768w, https:\/\/belgrade.wordcamp.org\/2026\/files\/2026\/09\/zasto-treba-doci-na-wordcamp-beograd-2026-500x162.png 500w, https:\/\/belgrade.wordcamp.org\/2026\/files\/2026\/09\/zasto-treba-doci-na-wordcamp-beograd-2026-1536x497.png 1536w\" sizes=\"auto, (max-width: 2000px) 100vw, 2000px\" \/><\/a><\/figure>\n\n<h2 class=\"wp-block-post-title\"><a href=\"https:\/\/belgrade.wordcamp.org\/2026\/zasto-treba-doci-na-wordcamp-beograd-2026\/\" target=\"_self\" >Za\u0161to treba do\u0107i na WordCamp Beograd 2026: O povratku konferencije razgovarali smo u emisiji Polarotor<\/a><\/h2>\n\n<div class=\"wp-block-post-excerpt\"><p class=\"wp-block-post-excerpt__excerpt\">Kako izgleda WordCamp, kome je namenjen i za\u0161to je va\u017eno \u0161to se posle nekoliko godina vra\u0107a u Beograd? O tome smo razgovarali u emisiji Polarotor, medijskom prijatelju WordCamp Beograd 2026<\/p><p class=\"wp-block-post-excerpt__more-text\"><a class=\"wp-block-post-excerpt__more-link\" href=\"https:\/\/belgrade.wordcamp.org\/2026\/zasto-treba-doci-na-wordcamp-beograd-2026\/\">Op\u0161irnije<\/a><\/p><\/div>\n<\/li><li class=\"wp-block-post post-2527 post type-post status-publish format-standard has-post-thumbnail hentry category-novosti category-srpski tag-predavaci tag-wordcamp\">\n<figure class=\"wp-block-post-featured-image\"><a href=\"https:\/\/belgrade.wordcamp.org\/2026\/iz-redakcije-sesta-grupa-predavaca-na-wordcamp-beograd-dogadaju\/\" target=\"_self\" ><img loading=\"lazy\" decoding=\"async\" width=\"2000\" height=\"647\" src=\"https:\/\/belgrade.wordcamp.org\/2026\/files\/2026\/09\/sesta-grupa-predavaca-wordcamp-beograd-2026.png\" class=\"attachment-post-thumbnail size-post-thumbnail wp-post-image\" alt=\"Iz redakcije: \u0161esta grupa predava\u010da na WordCamp Beograd doga\u0111aju\" style=\"object-fit:cover;\" srcset=\"https:\/\/belgrade.wordcamp.org\/2026\/files\/2026\/09\/sesta-grupa-predavaca-wordcamp-beograd-2026.png 2000w, https:\/\/belgrade.wordcamp.org\/2026\/files\/2026\/09\/sesta-grupa-predavaca-wordcamp-beograd-2026-300x97.png 300w, https:\/\/belgrade.wordcamp.org\/2026\/files\/2026\/09\/sesta-grupa-predavaca-wordcamp-beograd-2026-1024x331.png 1024w, https:\/\/belgrade.wordcamp.org\/2026\/files\/2026\/09\/sesta-grupa-predavaca-wordcamp-beograd-2026-768x248.png 768w, https:\/\/belgrade.wordcamp.org\/2026\/files\/2026\/09\/sesta-grupa-predavaca-wordcamp-beograd-2026-500x162.png 500w, https:\/\/belgrade.wordcamp.org\/2026\/files\/2026\/09\/sesta-grupa-predavaca-wordcamp-beograd-2026-1536x497.png 1536w\" sizes=\"auto, (max-width: 2000px) 100vw, 2000px\" \/><\/a><\/figure>\n\n<h2 class=\"wp-block-post-title\"><a href=\"https:\/\/belgrade.wordcamp.org\/2026\/iz-redakcije-sesta-grupa-predavaca-na-wordcamp-beograd-dogadaju\/\" target=\"_self\" >Iz redakcije: \u0161esta grupa predava\u010da na WordCamp Beograd doga\u0111aju<\/a><\/h2>\n\n<div class=\"wp-block-post-excerpt\"><p class=\"wp-block-post-excerpt__excerpt\">Iz #WCBGD redakcije sti\u017ee nova najava predava\u010da za WordCamp Beograd 2026<\/p><p class=\"wp-block-post-excerpt__more-text\"><a class=\"wp-block-post-excerpt__more-link\" href=\"https:\/\/belgrade.wordcamp.org\/2026\/iz-redakcije-sesta-grupa-predavaca-na-wordcamp-beograd-dogadaju\/\">Op\u0161irnije<\/a><\/p><\/div>\n<\/li><li class=\"wp-block-post post-2221 post type-post status-publish format-standard has-post-thumbnail hentry category-novosti category-srpski tag-predavaci tag-wordcamp\">\n<figure class=\"wp-block-post-featured-image\"><a href=\"https:\/\/belgrade.wordcamp.org\/2026\/iz-redakcije-peta-i-finalna-grupa-predavaca-wordcamp-beograd-2026-dogadaja\/\" target=\"_self\" ><img loading=\"lazy\" decoding=\"async\" width=\"2000\" height=\"647\" src=\"https:\/\/belgrade.wordcamp.org\/2026\/files\/2026\/08\/peta-grupa-predavaca-wordcamp-beograd-2026.png\" class=\"attachment-post-thumbnail size-post-thumbnail wp-post-image\" alt=\"Iz redakcije: peta grupa predava\u010da WordCamp Beograd 2026 doga\u0111aja!\" style=\"object-fit:cover;\" srcset=\"https:\/\/belgrade.wordcamp.org\/2026\/files\/2026\/08\/peta-grupa-predavaca-wordcamp-beograd-2026.png 2000w, https:\/\/belgrade.wordcamp.org\/2026\/files\/2026\/08\/peta-grupa-predavaca-wordcamp-beograd-2026-300x97.png 300w, https:\/\/belgrade.wordcamp.org\/2026\/files\/2026\/08\/peta-grupa-predavaca-wordcamp-beograd-2026-1024x331.png 1024w, https:\/\/belgrade.wordcamp.org\/2026\/files\/2026\/08\/peta-grupa-predavaca-wordcamp-beograd-2026-768x248.png 768w, https:\/\/belgrade.wordcamp.org\/2026\/files\/2026\/08\/peta-grupa-predavaca-wordcamp-beograd-2026-500x162.png 500w, https:\/\/belgrade.wordcamp.org\/2026\/files\/2026\/08\/peta-grupa-predavaca-wordcamp-beograd-2026-1536x497.png 1536w\" sizes=\"auto, (max-width: 2000px) 100vw, 2000px\" \/><\/a><\/figure>\n\n<h2 class=\"wp-block-post-title\"><a href=\"https:\/\/belgrade.wordcamp.org\/2026\/iz-redakcije-peta-i-finalna-grupa-predavaca-wordcamp-beograd-2026-dogadaja\/\" target=\"_self\" >Iz redakcije: peta grupa predava\u010da WordCamp Beograd 2026 doga\u0111aja!<\/a><\/h2>\n\n<div class=\"wp-block-post-excerpt\"><p class=\"wp-block-post-excerpt__excerpt\">Iz WCBGD redakcije sti\u017ee i poslednja najava predava\u010da za WordCamp Beograd 2026. Upoznajte predstavljamo Marinu Vassilyovsku, Radeta Jeki\u0107a, Vassilenu Valchanovu i Simona Krafta &#8211; \u010detiri imena koja lepo zatvaraju ovogodi\u0161nji niz predava\u010da i dodatno \u0161ire sliku programa<\/p><p class=\"wp-block-post-excerpt__more-text\"><a class=\"wp-block-post-excerpt__more-link\" href=\"https:\/\/belgrade.wordcamp.org\/2026\/iz-redakcije-peta-i-finalna-grupa-predavaca-wordcamp-beograd-2026-dogadaja\/\">Op\u0161irnije<\/a><\/p><\/div>\n<\/li><li class=\"wp-block-post post-2192 post type-post status-publish format-standard has-post-thumbnail hentry category-novosti category-srpski tag-predavaci tag-wordcamp\">\n<figure class=\"wp-block-post-featured-image\"><a href=\"https:\/\/belgrade.wordcamp.org\/2026\/iz-redakcije-poznata-i-cetvrta-grupa-predavaca-na-wordcamp-beograd-2026-dogadaju\/\" target=\"_self\" ><img loading=\"lazy\" decoding=\"async\" width=\"2000\" height=\"647\" src=\"https:\/\/belgrade.wordcamp.org\/2026\/files\/2026\/08\/10.png\" class=\"attachment-post-thumbnail size-post-thumbnail wp-post-image\" alt=\"Iz redakcije: poznata i \u010detvrta grupa predava\u010da na WordCamp Beograd 2026 doga\u0111aju\" style=\"object-fit:cover;\" srcset=\"https:\/\/belgrade.wordcamp.org\/2026\/files\/2026\/08\/10.png 2000w, https:\/\/belgrade.wordcamp.org\/2026\/files\/2026\/08\/10-300x97.png 300w, https:\/\/belgrade.wordcamp.org\/2026\/files\/2026\/08\/10-1024x331.png 1024w, https:\/\/belgrade.wordcamp.org\/2026\/files\/2026\/08\/10-768x248.png 768w, https:\/\/belgrade.wordcamp.org\/2026\/files\/2026\/08\/10-500x162.png 500w, https:\/\/belgrade.wordcamp.org\/2026\/files\/2026\/08\/10-1536x497.png 1536w\" sizes=\"auto, (max-width: 2000px) 100vw, 2000px\" \/><\/a><\/figure>\n\n<h2 class=\"wp-block-post-title\"><a href=\"https:\/\/belgrade.wordcamp.org\/2026\/iz-redakcije-poznata-i-cetvrta-grupa-predavaca-na-wordcamp-beograd-2026-dogadaju\/\" target=\"_self\" >Iz redakcije: poznata i \u010detvrta grupa predava\u010da na WordCamp Beograd 2026 doga\u0111aju<\/a><\/h2>\n\n<div class=\"wp-block-post-excerpt\"><p class=\"wp-block-post-excerpt__excerpt\">Iz redakcije sti\u017ee nova najava: WordCamp Beograd 2026 otkriva jo\u0161 \u010detiri predava\u010dka imena.<\/p><p class=\"wp-block-post-excerpt__more-text\"><a class=\"wp-block-post-excerpt__more-link\" href=\"https:\/\/belgrade.wordcamp.org\/2026\/iz-redakcije-poznata-i-cetvrta-grupa-predavaca-na-wordcamp-beograd-2026-dogadaju\/\">Op\u0161irnije<\/a><\/p><\/div>\n<\/li><li class=\"wp-block-post post-2149 post type-post status-publish format-standard has-post-thumbnail hentry category-novosti category-srpski tag-predavaci tag-wordcamp\">\n<figure class=\"wp-block-post-featured-image\"><a href=\"https:\/\/belgrade.wordcamp.org\/2026\/iz-redakcije-upoznajte-trecu-grupu-predavaca-wordcamp-beograd-2026-dogadaja\/\" target=\"_self\" ><img loading=\"lazy\" decoding=\"async\" width=\"2000\" height=\"647\" src=\"https:\/\/belgrade.wordcamp.org\/2026\/files\/2026\/08\/treca-grupa-predavaca-wcbgd-2026.png\" class=\"attachment-post-thumbnail size-post-thumbnail wp-post-image\" alt=\"Iz redakcije: Upoznajte tre\u0107u grupu predava\u010da WordCamp Beograd 2026 doga\u0111aja\" style=\"object-fit:cover;\" srcset=\"https:\/\/belgrade.wordcamp.org\/2026\/files\/2026\/08\/treca-grupa-predavaca-wcbgd-2026.png 2000w, https:\/\/belgrade.wordcamp.org\/2026\/files\/2026\/08\/treca-grupa-predavaca-wcbgd-2026-300x97.png 300w, https:\/\/belgrade.wordcamp.org\/2026\/files\/2026\/08\/treca-grupa-predavaca-wcbgd-2026-1024x331.png 1024w, https:\/\/belgrade.wordcamp.org\/2026\/files\/2026\/08\/treca-grupa-predavaca-wcbgd-2026-768x248.png 768w, https:\/\/belgrade.wordcamp.org\/2026\/files\/2026\/08\/treca-grupa-predavaca-wcbgd-2026-500x162.png 500w, https:\/\/belgrade.wordcamp.org\/2026\/files\/2026\/08\/treca-grupa-predavaca-wcbgd-2026-1536x497.png 1536w\" sizes=\"auto, (max-width: 2000px) 100vw, 2000px\" \/><\/a><\/figure>\n\n<h2 class=\"wp-block-post-title\"><a href=\"https:\/\/belgrade.wordcamp.org\/2026\/iz-redakcije-upoznajte-trecu-grupu-predavaca-wordcamp-beograd-2026-dogadaja\/\" target=\"_self\" >Iz redakcije: Upoznajte tre\u0107u grupu predava\u010da WordCamp Beograd 2026 doga\u0111aja<\/a><\/h2>\n\n<div class=\"wp-block-post-excerpt\"><p class=\"wp-block-post-excerpt__excerpt\">Upoznajte tre\u0107u grupu predava\u010da za WordCamp Beograd 2026. Maja Mili\u010devi\u0107, Jonathan Bossenger, Anne-Mieke Bovelett i Alexander Gilmanov donose teme o marketingu, AI-ju, pristupa\u010dnosti, WordPress pluginovima i razvoju digitalnih proizvoda.<\/p><p class=\"wp-block-post-excerpt__more-text\"><a class=\"wp-block-post-excerpt__more-link\" href=\"https:\/\/belgrade.wordcamp.org\/2026\/iz-redakcije-upoznajte-trecu-grupu-predavaca-wordcamp-beograd-2026-dogadaja\/\">Op\u0161irnije<\/a><\/p><\/div>\n<\/li><li class=\"wp-block-post post-2165 post type-post status-publish format-standard has-post-thumbnail hentry category-novosti category-srpski tag-smestaj tag-wordcamp\">\n<figure class=\"wp-block-post-featured-image\"><a href=\"https:\/\/belgrade.wordcamp.org\/2026\/gde-odsesti-u-blizini-wordcamp-beograda-2026\/\" target=\"_self\" ><img loading=\"lazy\" decoding=\"async\" width=\"2000\" height=\"647\" src=\"https:\/\/belgrade.wordcamp.org\/2026\/files\/2026\/08\/gde-odsesti-tokom-wordcamp-beograd-2026.png\" class=\"attachment-post-thumbnail size-post-thumbnail wp-post-image\" alt=\"Gde odsesti u blizini WordCamp Beograda 2026\" style=\"object-fit:cover;\" srcset=\"https:\/\/belgrade.wordcamp.org\/2026\/files\/2026\/08\/gde-odsesti-tokom-wordcamp-beograd-2026.png 2000w, https:\/\/belgrade.wordcamp.org\/2026\/files\/2026\/08\/gde-odsesti-tokom-wordcamp-beograd-2026-300x97.png 300w, https:\/\/belgrade.wordcamp.org\/2026\/files\/2026\/08\/gde-odsesti-tokom-wordcamp-beograd-2026-1024x331.png 1024w, https:\/\/belgrade.wordcamp.org\/2026\/files\/2026\/08\/gde-odsesti-tokom-wordcamp-beograd-2026-768x248.png 768w, https:\/\/belgrade.wordcamp.org\/2026\/files\/2026\/08\/gde-odsesti-tokom-wordcamp-beograd-2026-500x162.png 500w, https:\/\/belgrade.wordcamp.org\/2026\/files\/2026\/08\/gde-odsesti-tokom-wordcamp-beograd-2026-1536x497.png 1536w\" sizes=\"auto, (max-width: 2000px) 100vw, 2000px\" \/><\/a><\/figure>\n\n<h2 class=\"wp-block-post-title\"><a href=\"https:\/\/belgrade.wordcamp.org\/2026\/gde-odsesti-u-blizini-wordcamp-beograda-2026\/\" target=\"_self\" >Gde odsesti u blizini WordCamp Beograda 2026<\/a><\/h2>\n\n<div class=\"wp-block-post-excerpt\"><p class=\"wp-block-post-excerpt__excerpt\">Ako jo\u0161 niste prona\u0161li odgovaraju\u0107i sme\u0161taj i pitate se gde odsesti u blizini WordCamp Beograda 2026, evo liste obli\u017enjih hotela i apartmana za razmatranje.<\/p><p class=\"wp-block-post-excerpt__more-text\"><a class=\"wp-block-post-excerpt__more-link\" href=\"https:\/\/belgrade.wordcamp.org\/2026\/gde-odsesti-u-blizini-wordcamp-beograda-2026\/\">Op\u0161irnije<\/a><\/p><\/div>\n<\/li><li class=\"wp-block-post post-1871 post type-post status-publish format-standard has-post-thumbnail hentry category-novosti category-srpski tag-predavaci tag-wordcamp\">\n<figure class=\"wp-block-post-featured-image\"><a href=\"https:\/\/belgrade.wordcamp.org\/2026\/iz-redakcije-upoznajte-drugu-grupu-predavaca-wordcamp-beograd-2026-dogadaja\/\" target=\"_self\" ><img loading=\"lazy\" decoding=\"async\" width=\"2000\" height=\"647\" src=\"https:\/\/belgrade.wordcamp.org\/2026\/files\/2026\/08\/druga-grupa-predavaca-wcbgd-2026.png\" class=\"attachment-post-thumbnail size-post-thumbnail wp-post-image\" alt=\"Iz redakcije: Upoznajte drugu grupu predava\u010da WordCamp Beograd 2026 doga\u0111aja\" style=\"object-fit:cover;\" srcset=\"https:\/\/belgrade.wordcamp.org\/2026\/files\/2026\/08\/druga-grupa-predavaca-wcbgd-2026.png 2000w, https:\/\/belgrade.wordcamp.org\/2026\/files\/2026\/08\/druga-grupa-predavaca-wcbgd-2026-300x97.png 300w, https:\/\/belgrade.wordcamp.org\/2026\/files\/2026\/08\/druga-grupa-predavaca-wcbgd-2026-1024x331.png 1024w, https:\/\/belgrade.wordcamp.org\/2026\/files\/2026\/08\/druga-grupa-predavaca-wcbgd-2026-768x248.png 768w, https:\/\/belgrade.wordcamp.org\/2026\/files\/2026\/08\/druga-grupa-predavaca-wcbgd-2026-500x162.png 500w, https:\/\/belgrade.wordcamp.org\/2026\/files\/2026\/08\/druga-grupa-predavaca-wcbgd-2026-1536x497.png 1536w\" sizes=\"auto, (max-width: 2000px) 100vw, 2000px\" \/><\/a><\/figure>\n\n<h2 class=\"wp-block-post-title\"><a href=\"https:\/\/belgrade.wordcamp.org\/2026\/iz-redakcije-upoznajte-drugu-grupu-predavaca-wordcamp-beograd-2026-dogadaja\/\" target=\"_self\" >Iz redakcije: Upoznajte drugu grupu predava\u010da WordCamp Beograd 2026 doga\u0111aja<\/a><\/h2>\n\n<div class=\"wp-block-post-excerpt\"><p class=\"wp-block-post-excerpt__excerpt\">Iz redakcije sti\u017ee nova najava: WordCamp Beograd 2026 dobija jo\u0161 tri predava\u010dka imena. Ovog puta predstavljamo Lenu Gregor\u010di\u010d, Milana Mili\u0107eva i R\u00f3berta M\u00e9sz\u00e1rosa &#8211; ljude \u010diji rad dolazi iz razli\u010ditih delova WordPress i web ekosistema: content strategije, digitalnog marketinga, edukacije, AI procesa, izrade sajtova i enterprise razvoja.<\/p><p class=\"wp-block-post-excerpt__more-text\"><a class=\"wp-block-post-excerpt__more-link\" href=\"https:\/\/belgrade.wordcamp.org\/2026\/iz-redakcije-upoznajte-drugu-grupu-predavaca-wordcamp-beograd-2026-dogadaja\/\">Op\u0161irnije<\/a><\/p><\/div>\n<\/li><li class=\"wp-block-post post-1543 post type-post status-publish format-standard has-post-thumbnail hentry category-novosti category-srpski tag-predavaci tag-wordcamp\">\n<figure class=\"wp-block-post-featured-image\"><a href=\"https:\/\/belgrade.wordcamp.org\/2026\/iz-redakcije-upoznajte-prve-predavace-wordcamp-beograd-2026-dogadaja\/\" target=\"_self\" ><img loading=\"lazy\" decoding=\"async\" width=\"2000\" height=\"647\" src=\"https:\/\/belgrade.wordcamp.org\/2026\/files\/2026\/07\/prvi-predavaci-wordcamp-beograd-2026-dogadaja.png\" class=\"attachment-post-thumbnail size-post-thumbnail wp-post-image\" alt=\"Iz redakcije: Upoznajte prve predava\u010de WordCamp Beograd 2026 doga\u0111aja\" style=\"object-fit:cover;\" srcset=\"https:\/\/belgrade.wordcamp.org\/2026\/files\/2026\/07\/prvi-predavaci-wordcamp-beograd-2026-dogadaja.png 2000w, https:\/\/belgrade.wordcamp.org\/2026\/files\/2026\/07\/prvi-predavaci-wordcamp-beograd-2026-dogadaja-300x97.png 300w, https:\/\/belgrade.wordcamp.org\/2026\/files\/2026\/07\/prvi-predavaci-wordcamp-beograd-2026-dogadaja-1024x331.png 1024w, https:\/\/belgrade.wordcamp.org\/2026\/files\/2026\/07\/prvi-predavaci-wordcamp-beograd-2026-dogadaja-768x248.png 768w, https:\/\/belgrade.wordcamp.org\/2026\/files\/2026\/07\/prvi-predavaci-wordcamp-beograd-2026-dogadaja-500x162.png 500w, https:\/\/belgrade.wordcamp.org\/2026\/files\/2026\/07\/prvi-predavaci-wordcamp-beograd-2026-dogadaja-1536x497.png 1536w\" sizes=\"auto, (max-width: 2000px) 100vw, 2000px\" \/><\/a><\/figure>\n\n<h2 class=\"wp-block-post-title\"><a href=\"https:\/\/belgrade.wordcamp.org\/2026\/iz-redakcije-upoznajte-prve-predavace-wordcamp-beograd-2026-dogadaja\/\" target=\"_self\" >Iz redakcije: Upoznajte prve predava\u010de WordCamp Beograd 2026 doga\u0111aja<\/a><\/h2>\n\n<div class=\"wp-block-post-excerpt\"><p class=\"wp-block-post-excerpt__excerpt\">Programska redakcija WordCamp Beograda ima prve vesti za objavu: predstavljamo prva tri predava\u010da koji \u0107e 18. i 19. septembra biti deo programa u Domu omladine.<\/p><p class=\"wp-block-post-excerpt__more-text\"><a class=\"wp-block-post-excerpt__more-link\" href=\"https:\/\/belgrade.wordcamp.org\/2026\/iz-redakcije-upoznajte-prve-predavace-wordcamp-beograd-2026-dogadaja\/\">Op\u0161irnije<\/a><\/p><\/div>\n<\/li><li class=\"wp-block-post post-1436 post type-post status-publish format-standard has-post-thumbnail hentry category-novosti category-srpski tag-early-bird tag-karte tag-wordcamp\">\n<figure class=\"wp-block-post-featured-image\"><a href=\"https:\/\/belgrade.wordcamp.org\/2026\/wordcamp-beograd-2026-ulaznice-sta-je-ukljuceno-u-vasu-kartu\/\" target=\"_self\" ><img loading=\"lazy\" decoding=\"async\" width=\"2000\" height=\"647\" src=\"https:\/\/belgrade.wordcamp.org\/2026\/files\/2026\/07\/wordcamp-beograd-2026-sta-je-ukljuceno-u-cenu-ulaznice.png\" class=\"attachment-post-thumbnail size-post-thumbnail wp-post-image\" alt=\"WordCamp Beograd 2026 ulaznice: \u0160ta je uklju\u010deno u va\u0161u kartu\" style=\"object-fit:cover;\" srcset=\"https:\/\/belgrade.wordcamp.org\/2026\/files\/2026\/07\/wordcamp-beograd-2026-sta-je-ukljuceno-u-cenu-ulaznice.png 2000w, https:\/\/belgrade.wordcamp.org\/2026\/files\/2026\/07\/wordcamp-beograd-2026-sta-je-ukljuceno-u-cenu-ulaznice-300x97.png 300w, https:\/\/belgrade.wordcamp.org\/2026\/files\/2026\/07\/wordcamp-beograd-2026-sta-je-ukljuceno-u-cenu-ulaznice-1024x331.png 1024w, https:\/\/belgrade.wordcamp.org\/2026\/files\/2026\/07\/wordcamp-beograd-2026-sta-je-ukljuceno-u-cenu-ulaznice-768x248.png 768w, https:\/\/belgrade.wordcamp.org\/2026\/files\/2026\/07\/wordcamp-beograd-2026-sta-je-ukljuceno-u-cenu-ulaznice-500x162.png 500w, https:\/\/belgrade.wordcamp.org\/2026\/files\/2026\/07\/wordcamp-beograd-2026-sta-je-ukljuceno-u-cenu-ulaznice-1536x497.png 1536w\" sizes=\"auto, (max-width: 2000px) 100vw, 2000px\" \/><\/a><\/figure>\n\n<h2 class=\"wp-block-post-title\"><a href=\"https:\/\/belgrade.wordcamp.org\/2026\/wordcamp-beograd-2026-ulaznice-sta-je-ukljuceno-u-vasu-kartu\/\" target=\"_self\" >WordCamp Beograd 2026 ulaznice: \u0160ta je uklju\u010deno u va\u0161u kartu<\/a><\/h2>\n\n<div class=\"wp-block-post-excerpt\"><p class=\"wp-block-post-excerpt__excerpt\">Ulaznice za WordCamp Beograd 2026 dostupne su po ranoj ceni od 35 EUR do 24. jula. Saznajte \u0161ta karta uklju\u010duje, za koga je doga\u0111aj i kako da obezbedite svoje mesto.<\/p><p class=\"wp-block-post-excerpt__more-text\"><a class=\"wp-block-post-excerpt__more-link\" href=\"https:\/\/belgrade.wordcamp.org\/2026\/wordcamp-beograd-2026-ulaznice-sta-je-ukljuceno-u-vasu-kartu\/\">Op\u0161irnije<\/a><\/p><\/div>\n<\/li><\/ul><\/div>\n<\/div>\n","protected":false},"excerpt":{"rendered":"<p>Najnovija saop\u0161tenja<\/p>\n","protected":false},"author":13982697,"featured_media":0,"parent":396,"menu_order":0,"comment_status":"closed","ping_status":"closed","template":"page-no-title","meta":{"footnotes":""},"class_list":["post-959","page","type-page","status-publish","hentry"],"jetpack_sharing_enabled":true,"jetpack_shortlink":"https:\/\/wp.me\/PgXYN8-ft","_links":{"self":[{"href":"https:\/\/belgrade.wordcamp.org\/2026\/wp-json\/wp\/v2\/pages\/959","targetHints":{"allow":["GET"]}}],"collection":[{"href":"https:\/\/belgrade.wordcamp.org\/2026\/wp-json\/wp\/v2\/pages"}],"about":[{"href":"https:\/\/belgrade.wordcamp.org\/2026\/wp-json\/wp\/v2\/types\/page"}],"author":[{"embeddable":true,"href":"https:\/\/belgrade.wordcamp.org\/2026\/wp-json\/wp\/v2\/users\/13982697"}],"replies":[{"embeddable":true,"href":"https:\/\/belgrade.wordcamp.org\/2026\/wp-json\/wp\/v2\/comments?post=959"}],"version-history":[{"count":5,"href":"https:\/\/belgrade.wordcamp.org\/2026\/wp-json\/wp\/v2\/pages\/959\/revisions"}],"predecessor-version":[{"id":1463,"href":"https:\/\/belgrade.wordcamp.org\/2026\/wp-json\/wp\/v2\/pages\/959\/revisions\/1463"}],"up":[{"embeddable":true,"href":"https:\/\/belgrade.wordcamp.org\/2026\/wp-json\/wp\/v2\/pages\/396"}],"wp:attachment":[{"href":"https:\/\/belgrade.wordcamp.org\/2026\/wp-json\/wp\/v2\/media?parent=959"}],"curies":[{"name":"wp","href":"https:\/\/api.w.org\/{rel}","templated":true}]}}