{"id":861,"date":"2026-06-27T02:40:04","date_gmt":"2026-06-27T00:40:04","guid":{"rendered":"https:\/\/belgrade.wordcamp.org\/2026\/?post_type=wcb_session&#038;p=861"},"modified":"2026-09-03T11:38:13","modified_gmt":"2026-09-03T09:38:13","slug":"koja-je-tvoja-supermoc-sr","status":"publish","type":"wcb_session","link":"https:\/\/belgrade.wordcamp.org\/2026\/session\/koja-je-tvoja-supermoc-sr\/","title":{"rendered":"Koja je tvoja supermo\u0107? [SR]"},"content":{"rendered":"\n<p class=\"wp-block-paragraph\">U predavanju govorim o tome kako da prepoznamo i iskoristimo sopstvene \u201esupermo\u0107i\u201c u digitalnom svetu i kako se one \u010desto kriju upravo u stvarima koje smatramo manama. Kroz kombinaciju li\u010dnog iskustva i prakti\u010dnog rada na WordPress sajtovima, pokazujem kako razli\u010dite sfere digitalnog marketinga, SEO, content, komunikacija i strategija, zapravo predstavljaju razli\u010dite \u201esupermo\u0107i\u201c koje zajedno dovode do rezultata. Predavanje spaja motivacioni i stru\u010dni deo i obuhvata: kako pravilna struktura sajta (H1\u2013H6, alt tekst, organizacija sadr\u017eaja) uti\u010de na vidljivost, za\u0161to je razumevanje ciljne publike va\u017enije od bilo koje SEO tehnike, kako pisati sadr\u017eaj koji je istovremeno optimizovan za Google i razumljiv ljudima, kako povezati SEO, UX i komunikaciju u jedinstvenu strategiju, naj\u010de\u0161\u0107e gre\u0161ke na sajtovima i kako ih prepoznati. Kroz konkretne primere iz prakse, ali i li\u010dne pri\u010de, cilj je da poka\u017eem da digitalni marketing nije skup odvojenih disciplina, ve\u0107 sistem u kojem svaka ve\u0161tina, od analitike do storytellinga, mo\u017ee postati supermo\u0107. Jer na kraju, najve\u0107a supermo\u0107 u digitalu nije alat koji koristimo, ve\u0107 na\u010din na koji razmi\u0161ljamo.<\/p>\n","protected":false},"excerpt":{"rendered":"<p>U predavanju govorim o tome kako da prepoznamo i iskoristimo sopstvene \u201esupermo\u0107i\u201c u digitalnom svetu i kako se one \u010desto kriju upravo u stvarima koje smatramo manama. Kroz kombinaciju li\u010dnog iskustva i prakti\u010dnog rada na WordPress sajtovima, pokazujem kako razli\u010dite sfere digitalnog marketinga, SEO, content, komunikacija i strategija, zapravo predstavljaju razli\u010dite \u201esupermo\u0107i\u201c koje zajedno dovode [&hellip;]<\/p>\n","protected":false},"author":13982697,"featured_media":0,"template":"","meta":{"_wcpt_session_time":1789742400,"_wcpt_session_duration":2400,"_wcpt_session_type":"session","_wcpt_session_slides":"","_wcpt_session_video":"","_wcpt_speaker_id":[2066],"footnotes":""},"session_track":[25],"session_category":[27],"class_list":["post-861","wcb_session","type-wcb_session","status-publish","hentry","wcb_track-predavanja","wcb_session_category-srpski"],"jetpack_sharing_enabled":true,"jetpack_shortlink":"https:\/\/wp.me\/pgXYN8-dT","session_date_time":{"date":"September 18, 2026","time":"4:40 pm"},"session_speakers":[{"id":"2066","slug":"maja-milicevic","name":"Maja Mili\u010devi\u0107","link":"https:\/\/belgrade.wordcamp.org\/2026\/speaker\/maja-milicevic\/"}],"session_cats_rendered":"Srpski","_links":{"self":[{"href":"https:\/\/belgrade.wordcamp.org\/2026\/wp-json\/wp\/v2\/sessions\/861","targetHints":{"allow":["GET"]}}],"collection":[{"href":"https:\/\/belgrade.wordcamp.org\/2026\/wp-json\/wp\/v2\/sessions"}],"about":[{"href":"https:\/\/belgrade.wordcamp.org\/2026\/wp-json\/wp\/v2\/types\/wcb_session"}],"author":[{"embeddable":true,"href":"https:\/\/belgrade.wordcamp.org\/2026\/wp-json\/wp\/v2\/users\/13982697"}],"version-history":[{"count":3,"href":"https:\/\/belgrade.wordcamp.org\/2026\/wp-json\/wp\/v2\/sessions\/861\/revisions"}],"predecessor-version":[{"id":2591,"href":"https:\/\/belgrade.wordcamp.org\/2026\/wp-json\/wp\/v2\/sessions\/861\/revisions\/2591"}],"speakers":[{"embeddable":true,"href":"https:\/\/belgrade.wordcamp.org\/2026\/wp-json\/wp\/v2\/speakers\/2066"}],"wp:attachment":[{"href":"https:\/\/belgrade.wordcamp.org\/2026\/wp-json\/wp\/v2\/media?parent=861"}],"wp:term":[{"taxonomy":"wcb_track","embeddable":true,"href":"https:\/\/belgrade.wordcamp.org\/2026\/wp-json\/wp\/v2\/session_track?post=861"},{"taxonomy":"wcb_session_category","embeddable":true,"href":"https:\/\/belgrade.wordcamp.org\/2026\/wp-json\/wp\/v2\/session_category?post=861"}],"curies":[{"name":"wp","href":"https:\/\/api.w.org\/{rel}","templated":true}]}}