{"id":864,"date":"2026-06-27T02:40:47","date_gmt":"2026-06-27T00:40:47","guid":{"rendered":"https:\/\/belgrade.wordcamp.org\/2026\/?post_type=wcb_session&#038;p=864"},"modified":"2026-09-03T11:41:00","modified_gmt":"2026-09-03T09:41:00","slug":"veb-dizajn-u-ai-dobu-od-prompta-ka-procesu-sr","status":"publish","type":"wcb_session","link":"https:\/\/belgrade.wordcamp.org\/2026\/session\/veb-dizajn-u-ai-dobu-od-prompta-ka-procesu-sr\/","title":{"rendered":"Veb dizajn u AI dobu: od prompta ka procesu [SR]"},"content":{"rendered":"\n<p class=\"wp-block-paragraph\">AI je obe\u0107ao da \u0107e sajt koji je nekad trajao 100 sati sada biti gotov za 30, ali skoro niko ne pita \u0161ta radimo sa onih drugih 70. Ako ih upi\u0161emo kao u\u0161tedu, u\u0161li smo u trku ka dnu; ako ih reinvestiramo, dobijamo ne\u0161to \u0161to generisani sajt nikada ne\u0107e imati. <\/p>\n\n\n\n<p class=\"wp-block-paragraph\">Predavanje suprotstavlja dva pristupa: AI-generated, gde jedan prompt sa\u017eima sve faze i AI-assisted, gde se proces izrade razla\u017ee na korake, a AI poja\u010dava svaki, dok sam veb dizajner dr\u017ei pravac. <\/p>\n\n\n\n<p class=\"wp-block-paragraph\">Pro\u0107i\u0107emo kroz stvarne faze rada, od istra\u017eivanja tr\u017ei\u0161ta i konkurencije, preko ciljne grupe i bolnih ta\u010daka, do copy-ja, dizajna i iteracije, i videti u \u0161ta se isplati ulo\u017eiti oslobo\u0111eno vreme. Predavanje sa primerima iz prakse, za frilensere, agencije i dizajnere koji \u017eele da budu bolji, ne samo br\u017ei.<\/p>\n","protected":false},"excerpt":{"rendered":"<p>AI je obe\u0107ao da \u0107e sajt koji je nekad trajao 100 sati sada biti gotov za 30, ali skoro niko ne pita \u0161ta radimo sa onih drugih 70. Ako ih upi\u0161emo kao u\u0161tedu, u\u0161li smo u trku ka dnu; ako ih reinvestiramo, dobijamo ne\u0161to \u0161to generisani sajt nikada ne\u0107e imati. Predavanje suprotstavlja dva pristupa: AI-generated, [&hellip;]<\/p>\n","protected":false},"author":14141328,"featured_media":0,"template":"","meta":{"_wcpt_session_time":1789744800,"_wcpt_session_duration":2400,"_wcpt_session_type":"session","_wcpt_session_slides":"","_wcpt_session_video":"","_wcpt_speaker_id":[2043],"footnotes":""},"session_track":[25],"session_category":[27],"class_list":["post-864","wcb_session","type-wcb_session","status-publish","hentry","wcb_track-predavanja","wcb_session_category-srpski"],"jetpack_sharing_enabled":true,"jetpack_shortlink":"https:\/\/wp.me\/pgXYN8-dW","session_date_time":{"date":"September 18, 2026","time":"5:20 pm"},"session_speakers":[{"id":"2043","slug":"milan-milicev","name":"Milan Mili\u0107ev","link":"https:\/\/belgrade.wordcamp.org\/2026\/speaker\/milan-milicev\/"}],"session_cats_rendered":"Srpski","_links":{"self":[{"href":"https:\/\/belgrade.wordcamp.org\/2026\/wp-json\/wp\/v2\/sessions\/864","targetHints":{"allow":["GET"]}}],"collection":[{"href":"https:\/\/belgrade.wordcamp.org\/2026\/wp-json\/wp\/v2\/sessions"}],"about":[{"href":"https:\/\/belgrade.wordcamp.org\/2026\/wp-json\/wp\/v2\/types\/wcb_session"}],"version-history":[{"count":5,"href":"https:\/\/belgrade.wordcamp.org\/2026\/wp-json\/wp\/v2\/sessions\/864\/revisions"}],"predecessor-version":[{"id":2596,"href":"https:\/\/belgrade.wordcamp.org\/2026\/wp-json\/wp\/v2\/sessions\/864\/revisions\/2596"}],"speakers":[{"embeddable":true,"href":"https:\/\/belgrade.wordcamp.org\/2026\/wp-json\/wp\/v2\/speakers\/2043"}],"author":[{"embeddable":true,"href":"https:\/\/belgrade.wordcamp.org\/2026\/wp-json\/wporg\/v1\/users\/zrenjaninac"}],"wp:attachment":[{"href":"https:\/\/belgrade.wordcamp.org\/2026\/wp-json\/wp\/v2\/media?parent=864"}],"wp:term":[{"taxonomy":"wcb_track","embeddable":true,"href":"https:\/\/belgrade.wordcamp.org\/2026\/wp-json\/wp\/v2\/session_track?post=864"},{"taxonomy":"wcb_session_category","embeddable":true,"href":"https:\/\/belgrade.wordcamp.org\/2026\/wp-json\/wp\/v2\/session_category?post=864"}],"curies":[{"name":"wp","href":"https:\/\/api.w.org\/{rel}","templated":true}]}}